{"id":203,"date":"2022-10-26T08:57:29","date_gmt":"2022-10-26T06:57:29","guid":{"rendered":"https:\/\/www.grand-hotel-luxembourg.com\/?page_id=203"},"modified":"2023-08-14T11:07:16","modified_gmt":"2023-08-14T09:07:16","slug":"around-the-hotel","status":"publish","type":"page","link":"https:\/\/www.grand-hotel-luxembourg.com\/en\/autour-de-l-hotel\/","title":{"rendered":"Around the hotel"},"content":{"rendered":"\t\t<div data-elementor-type=\"wp-page\" data-elementor-id=\"203\" class=\"elementor elementor-203\" data-elementor-post-type=\"page\">\n\t\t\t\t\t\t<section class=\"elementor-section elementor-top-section elementor-element elementor-element-db85ecd elementor-section-full_width elementor-section-height-full elementor-section-height-default elementor-section-items-middle\" data-id=\"db85ecd\" data-element_type=\"section\" data-e-type=\"section\" id=\"hero-section\" data-settings=\"{&quot;background_background&quot;:&quot;slideshow&quot;,&quot;background_slideshow_gallery&quot;:[{&quot;id&quot;:2807,&quot;url&quot;:&quot;https:\\\/\\\/www.grand-hotel-luxembourg.com\\\/wp-content\\\/uploads\\\/2022\\\/12\\\/0130b8-4.jpg&quot;},{&quot;id&quot;:2808,&quot;url&quot;:&quot;https:\\\/\\\/www.grand-hotel-luxembourg.com\\\/wp-content\\\/uploads\\\/2022\\\/12\\\/0230b8-4.jpg&quot;},{&quot;id&quot;:2809,&quot;url&quot;:&quot;https:\\\/\\\/www.grand-hotel-luxembourg.com\\\/wp-content\\\/uploads\\\/2022\\\/12\\\/0330b8-4.jpg&quot;}],&quot;background_slideshow_loop&quot;:&quot;yes&quot;,&quot;background_slideshow_slide_duration&quot;:5000,&quot;background_slideshow_slide_transition&quot;:&quot;fade&quot;,&quot;background_slideshow_transition_duration&quot;:500}\">\n\t\t\t\t\t\t\t<div class=\"elementor-background-overlay\"><\/div>\n\t\t\t\t\t\t\t<div class=\"elementor-container elementor-column-gap-default\">\n\t\t\t\t\t<div class=\"elementor-column elementor-col-100 elementor-top-column elementor-element elementor-element-1dc3e47\" data-id=\"1dc3e47\" data-element_type=\"column\" data-e-type=\"column\">\n\t\t\t<div class=\"elementor-widget-wrap elementor-element-populated\">\n\t\t\t\t\t\t<div class=\"elementor-element elementor-element-9f1a8eb elementor-widget elementor-widget-heading\" data-id=\"9f1a8eb\" data-element_type=\"widget\" data-e-type=\"widget\" data-widget_type=\"heading.default\">\n\t\t\t\t<div class=\"elementor-widget-container\">\n\t\t\t\t\t<h1 class=\"elementor-heading-title elementor-size-default\">Autour de l'h\u00f4tel<\/h1>\t\t\t\t<\/div>\n\t\t\t\t<\/div>\n\t\t\t\t<div class=\"elementor-element elementor-element-56f7bfa elementor-widget__width-auto elementor-absolute e-transform elementor-view-default elementor-widget elementor-widget-icon\" data-id=\"56f7bfa\" data-element_type=\"widget\" data-e-type=\"widget\" data-settings=\"{&quot;_position&quot;:&quot;absolute&quot;,&quot;_transform_rotateZ_effect&quot;:{&quot;unit&quot;:&quot;px&quot;,&quot;size&quot;:90,&quot;sizes&quot;:[]},&quot;_transform_rotateZ_effect_tablet&quot;:{&quot;unit&quot;:&quot;deg&quot;,&quot;size&quot;:&quot;&quot;,&quot;sizes&quot;:[]},&quot;_transform_rotateZ_effect_mobile&quot;:{&quot;unit&quot;:&quot;deg&quot;,&quot;size&quot;:&quot;&quot;,&quot;sizes&quot;:[]}}\" data-widget_type=\"icon.default\">\n\t\t\t\t<div class=\"elementor-widget-container\">\n\t\t\t\t\t\t\t<div class=\"elementor-icon-wrapper\">\n\t\t\t<a class=\"elementor-icon\" href=\"#first-content\">\n\t\t\t<i aria-hidden=\"true\" class=\"eliofont eliofont-arrow-right\"><\/i>\t\t\t<\/a>\n\t\t<\/div>\n\t\t\t\t\t\t<\/div>\n\t\t\t\t<\/div>\n\t\t\t\t\t<\/div>\n\t\t<\/div>\n\t\t\t\t\t<\/div>\n\t\t<\/section>\n\t\t\t\t<section class=\"elementor-section elementor-top-section elementor-element elementor-element-659fab0 elementor-section-full_width elementor-section-height-default elementor-section-height-default\" data-id=\"659fab0\" data-element_type=\"section\" data-e-type=\"section\" data-settings=\"{&quot;background_background&quot;:&quot;classic&quot;}\">\n\t\t\t\t\t\t<div class=\"elementor-container elementor-column-gap-default\">\n\t\t\t\t\t<div class=\"elementor-column elementor-col-100 elementor-top-column elementor-element elementor-element-f61c8eb\" data-id=\"f61c8eb\" data-element_type=\"column\" data-e-type=\"column\">\n\t\t\t<div class=\"elementor-widget-wrap elementor-element-populated\">\n\t\t\t\t\t\t<div class=\"elementor-element elementor-element-ad9d53e elementor-widget__width-initial elementor-widget elementor-widget-text-editor\" data-id=\"ad9d53e\" data-element_type=\"widget\" data-e-type=\"widget\" data-widget_type=\"text-editor.default\">\n\t\t\t\t<div class=\"elementor-widget-container\">\n\t\t\t\t\t\t\t\t\t<p>Le Grand H\u00f4tel du Luxembourg \u00e0 Bayeux vous invite \u00e0 d\u00e9couvir la Normandie, la c\u00f4te du Bessin et ses alentours. Visite des plages du D\u00e9barquement, la tapisserie de Bayeux, mus\u00e9es, sorties, activit\u00e9s de loisirs et randonn\u00e9es pour un agr\u00e9able s\u00e9jour dans le Calvados.<\/p><p>Bayeux r\u00e9c\u00e8le de nombreux tr\u00e9sors architecturaux. C&rsquo;est en fl\u00e2nant au gr\u00e9 des ruelles de la cit\u00e9 m\u00e9di\u00e9vale que vous ressentirez l&rsquo;\u00e2me de la ville.<\/p><p>De jour comme de nuit, vous serez s\u00e9duit par le charme de Bayeux et vous voyagerez dans l&rsquo;histoire lors de la visite du mus\u00e9e de la Tapisserie ou encore de la cath\u00e9drale de Bayeux.<\/p>\t\t\t\t\t\t\t\t<\/div>\n\t\t\t\t<\/div>\n\t\t\t\t\t<\/div>\n\t\t<\/div>\n\t\t\t\t\t<\/div>\n\t\t<\/section>\n\t\t\t\t<section class=\"elementor-section elementor-top-section elementor-element elementor-element-33e93fd elementor-section-boxed elementor-section-height-default elementor-section-height-default\" data-id=\"33e93fd\" data-element_type=\"section\" data-e-type=\"section\">\n\t\t\t\t\t\t<div class=\"elementor-container elementor-column-gap-default\">\n\t\t\t\t\t<div class=\"elementor-column elementor-col-100 elementor-top-column elementor-element elementor-element-a84628f\" data-id=\"a84628f\" data-element_type=\"column\" data-e-type=\"column\">\n\t\t\t<div class=\"elementor-widget-wrap elementor-element-populated\">\n\t\t\t\t\t\t<div class=\"elementor-element elementor-element-45d2dac elementor-widget elementor-widget-heading\" data-id=\"45d2dac\" data-element_type=\"widget\" data-e-type=\"widget\" data-widget_type=\"heading.default\">\n\t\t\t\t<div class=\"elementor-widget-container\">\n\t\t\t\t\t<h2 class=\"elementor-heading-title elementor-size-default\">Plus d'activit\u00e9s<\/h2>\t\t\t\t<\/div>\n\t\t\t\t<\/div>\n\t\t\t\t<section class=\"elementor-section elementor-inner-section elementor-element elementor-element-7b84d4b elementor-section-full_width elementor-section-height-default elementor-section-height-default\" data-id=\"7b84d4b\" data-element_type=\"section\" data-e-type=\"section\">\n\t\t\t\t\t\t<div class=\"elementor-container elementor-column-gap-default\">\n\t\t\t\t\t<div class=\"elementor-column elementor-col-50 elementor-inner-column elementor-element elementor-element-71ef03a\" data-id=\"71ef03a\" data-element_type=\"column\" data-e-type=\"column\">\n\t\t\t<div class=\"elementor-widget-wrap elementor-element-populated\">\n\t\t\t\t\t\t<section class=\"elementor-section elementor-inner-section elementor-element elementor-element-ff942f2 elementor-section-full_width elementor-section-height-default elementor-section-height-default\" data-id=\"ff942f2\" data-element_type=\"section\" data-e-type=\"section\">\n\t\t\t\t\t\t<div class=\"elementor-container elementor-column-gap-default\">\n\t\t\t\t\t<div class=\"elementor-column elementor-col-100 elementor-inner-column elementor-element elementor-element-9dc6fcf\" data-id=\"9dc6fcf\" data-element_type=\"column\" data-e-type=\"column\">\n\t\t\t<div class=\"elementor-widget-wrap elementor-element-populated\">\n\t\t\t\t\t\t<div class=\"elementor-element elementor-element-97007fe elementor-cta--skin-cover elementor-cta--valign-middle elementor-widget elementor-widget-call-to-action\" data-id=\"97007fe\" data-element_type=\"widget\" data-e-type=\"widget\" data-widget_type=\"call-to-action.default\">\n\t\t\t\t<div class=\"elementor-widget-container\">\n\t\t\t\t\t\t\t<div class=\"elementor-cta\">\n\t\t\t\t\t<div class=\"elementor-cta__bg-wrapper\">\n\t\t\t\t<div class=\"elementor-cta__bg elementor-bg\" style=\"background-image: url(https:\/\/www.grand-hotel-luxembourg.com\/wp-content\/uploads\/2023\/07\/Velo-Bessin-LocVelo-copyright-Arnaud-Guerin-Lithosphere-9-sur-21.jpg);\" role=\"img\" aria-label=\"Location de v\u00e9lo Bayeux Locv\u00e9lo\"><\/div>\n\t\t\t\t<div class=\"elementor-cta__bg-overlay\"><\/div>\n\t\t\t<\/div>\n\t\t\t\t\t\t\t<div class=\"elementor-cta__content\">\n\t\t\t\t\n\t\t\t\t\n\t\t\t\t\n\t\t\t\t\t\t\t\t\t<div class=\"elementor-cta__button-wrapper elementor-cta__content-item elementor-content-item \">\n\t\t\t\t\t<a class=\"elementor-cta__button elementor-button elementor-size-md\" href=\"https:\/\/loc-velo-normandie.lokki.rent\" target=\"_blank\" rel=\"nofollow noopener\">\n\t\t\t\t\t\tLocation de v\u00e9lo\t\t\t\t\t<\/a>\n\t\t\t\t\t<\/div>\n\t\t\t\t\t\t\t<\/div>\n\t\t\t\t\t\t<\/div>\n\t\t\t\t\t\t<\/div>\n\t\t\t\t<\/div>\n\t\t\t\t<div class=\"elementor-element elementor-element-1035d14 elementor-widget__width-initial elementor-widget elementor-widget-text-editor\" data-id=\"1035d14\" data-element_type=\"widget\" data-e-type=\"widget\" data-widget_type=\"text-editor.default\">\n\t\t\t\t<div class=\"elementor-widget-container\">\n\t\t\t\t\t\t\t\t\t<p>D\u00e9couvrez le charme de la Normandie alliant paysages vari\u00e9s, gastronomie locale, et patrimoine historique.<\/p><p>Retrouvez les cartes et guides directement \u00e0 l&rsquo;h\u00f4tel.<\/p><p><strong>En partenariat avec LocV\u00e9lo<\/strong>, nous sommes ravis d&rsquo;offrir une solution pratique pour la location de v\u00e9los, compl\u00e8te avec tous les \u00e9quipements essentiels pour une journ\u00e9e ou plus ! LocV\u00e9lo livre les v\u00e9los directement \u00e0 l&rsquo;h\u00f4tel et vient les rechercher \u00e0 la fin de vos excursions pour simplifier votre exp\u00e9rience.<\/p><p><strong>B\u00e9n\u00e9ficiez d&rsquo;une r\u00e9duction exclusive de 50 % sur les frais de livraison<\/strong> en choisissant directement la livraison \u00e0 notre h\u00f4tel lors de votre r\u00e9servation sur leur site web. LocV\u00e9lo vous propose \u00e9galement des circuits pour d\u00e9couvrir Bayeux et ses alentours en v\u00e9lo directement au d\u00e9part de l&rsquo;h\u00f4tel.<\/p><p>En choisissant l&rsquo;assurance annulation, aucune caution ne vous sera demand\u00e9e.<\/p><p>(Location \u00e0 la journ\u00e9e uniquement)<\/p><p>Embellissez votre s\u00e9jour avec une balade \u00e0 v\u00e9lo !<\/p><p><img decoding=\"async\" class=\" wp-image-3638 aligncenter\" src=\"https:\/\/www.grand-hotel-luxembourg.com\/wp-content\/uploads\/2023\/08\/logo-loc-velo.png\" alt=\"LOC V\u00c9LO LOGO\" width=\"153\" height=\"153\" srcset=\"https:\/\/www.grand-hotel-luxembourg.com\/wp-content\/uploads\/2023\/08\/logo-loc-velo.png 225w, https:\/\/www.grand-hotel-luxembourg.com\/wp-content\/uploads\/2023\/08\/logo-loc-velo-150x150.png 150w, https:\/\/www.grand-hotel-luxembourg.com\/wp-content\/uploads\/2023\/08\/logo-loc-velo-12x12.png 12w\" sizes=\"(max-width: 153px) 100vw, 153px\" \/><\/p><p><img decoding=\"async\" class=\"alignnone  wp-image-3668\" src=\"https:\/\/www.grand-hotel-luxembourg.com\/wp-content\/uploads\/2023\/08\/label_hello_cyclo-removebg-preview-300x300.png\" alt=\"label hello cyclo\" width=\"124\" height=\"124\" srcset=\"https:\/\/www.grand-hotel-luxembourg.com\/wp-content\/uploads\/2023\/08\/label_hello_cyclo-removebg-preview-300x300.png 300w, https:\/\/www.grand-hotel-luxembourg.com\/wp-content\/uploads\/2023\/08\/label_hello_cyclo-removebg-preview-150x150.png 150w, https:\/\/www.grand-hotel-luxembourg.com\/wp-content\/uploads\/2023\/08\/label_hello_cyclo-removebg-preview-12x12.png 12w, https:\/\/www.grand-hotel-luxembourg.com\/wp-content\/uploads\/2023\/08\/label_hello_cyclo-removebg-preview.png 500w\" sizes=\"(max-width: 124px) 100vw, 124px\" \/>\u00a0 \u00a0 \u00a0 \u00a0 \u00a0 \u00a0 \u00a0 \u00a0 \u00a0 \u00a0 \u00a0 \u00a0 \u00a0 \u00a0 \u00a0 \u00a0 \u00a0 \u00a0 \u00a0 \u00a0 \u00a0 \u00a0 \u00a0 \u00a0 \u00a0 \u00a0 \u00a0 \u00a0 \u00a0 \u00a0 \u00a0 <img decoding=\"async\" class=\"alignnone  wp-image-3670\" src=\"https:\/\/www.grand-hotel-luxembourg.com\/wp-content\/uploads\/2023\/08\/accueil_logo-removebg-preview.png\" alt=\"Photo -\" width=\"96\" height=\"135\" srcset=\"https:\/\/www.grand-hotel-luxembourg.com\/wp-content\/uploads\/2023\/08\/accueil_logo-removebg-preview.png 189w, https:\/\/www.grand-hotel-luxembourg.com\/wp-content\/uploads\/2023\/08\/accueil_logo-removebg-preview-9x12.png 9w\" sizes=\"(max-width: 96px) 100vw, 96px\" \/><\/p>\t\t\t\t\t\t\t\t<\/div>\n\t\t\t\t<\/div>\n\t\t\t\t\t<\/div>\n\t\t<\/div>\n\t\t\t\t\t<\/div>\n\t\t<\/section>\n\t\t\t\t\t<\/div>\n\t\t<\/div>\n\t\t\t\t<div class=\"elementor-column elementor-col-50 elementor-inner-column elementor-element elementor-element-34a3357\" data-id=\"34a3357\" data-element_type=\"column\" data-e-type=\"column\">\n\t\t\t<div class=\"elementor-widget-wrap elementor-element-populated\">\n\t\t\t\t\t\t<section class=\"elementor-section elementor-inner-section elementor-element elementor-element-c8572a7 elementor-section-full_width elementor-section-height-default elementor-section-height-default\" data-id=\"c8572a7\" data-element_type=\"section\" data-e-type=\"section\">\n\t\t\t\t\t\t<div class=\"elementor-container elementor-column-gap-default\">\n\t\t\t\t\t<div class=\"elementor-column elementor-col-100 elementor-inner-column elementor-element elementor-element-5acd5b4\" data-id=\"5acd5b4\" data-element_type=\"column\" data-e-type=\"column\">\n\t\t\t<div class=\"elementor-widget-wrap elementor-element-populated\">\n\t\t\t\t\t\t<div class=\"elementor-element elementor-element-f08d70c elementor-cta--skin-cover elementor-cta--valign-middle elementor-widget elementor-widget-call-to-action\" data-id=\"f08d70c\" data-element_type=\"widget\" data-e-type=\"widget\" data-widget_type=\"call-to-action.default\">\n\t\t\t\t<div class=\"elementor-widget-container\">\n\t\t\t\t\t\t\t<div class=\"elementor-cta\">\n\t\t\t\t\t<div class=\"elementor-cta__bg-wrapper\">\n\t\t\t\t<div class=\"elementor-cta__bg elementor-bg\" style=\"background-image: url(https:\/\/www.grand-hotel-luxembourg.com\/wp-content\/uploads\/2022\/12\/0130b8-3.jpg);\" role=\"img\" aria-label=\"0130b8\"><\/div>\n\t\t\t\t<div class=\"elementor-cta__bg-overlay\"><\/div>\n\t\t\t<\/div>\n\t\t\t\t\t\t\t<div class=\"elementor-cta__content\">\n\t\t\t\t\n\t\t\t\t\n\t\t\t\t\n\t\t\t\t\t\t\t\t\t<div class=\"elementor-cta__button-wrapper elementor-cta__content-item elementor-content-item \">\n\t\t\t\t\t<a class=\"elementor-cta__button elementor-button elementor-size-md\" href=\"https:\/\/www.tapisserie-bayeux.fr\/\" target=\"_blank\" rel=\"nofollow noopener\">\n\t\t\t\t\t\tConsulter le site du Mus\u00e9e de la Tapisserie de Bayeux\t\t\t\t\t<\/a>\n\t\t\t\t\t<\/div>\n\t\t\t\t\t\t\t<\/div>\n\t\t\t\t\t\t<\/div>\n\t\t\t\t\t\t<\/div>\n\t\t\t\t<\/div>\n\t\t\t\t<div class=\"elementor-element elementor-element-e41ad44 elementor-widget__width-initial elementor-widget elementor-widget-text-editor\" data-id=\"e41ad44\" data-element_type=\"widget\" data-e-type=\"widget\" data-widget_type=\"text-editor.default\">\n\t\t\t\t<div class=\"elementor-widget-container\">\n\t\t\t\t\t\t\t\t\t<p>Le Mus\u00e9e de la Tapisserie de Bayeux, \u00e0 quelques pas de l\u2019h\u00f4tel, abrite la c\u00e9l\u00e8bre tapisserie du Moyen-\u00e2ge.<\/p><p>La Tapisserie de Bayeux, brod\u00e9e au XIe si\u00e8cle, vous entra\u00eenera sur les traces de Guillaume le Conqu\u00e9rant, figure embl\u00e9matique de l\u2019Histoire de Normandie.<\/p><p>\u00a0<\/p><p>En plein centre de Bayeux, le mus\u00e9e de la Tapisserie est entour\u00e9 de monuments historiques, d&rsquo;h\u00f4tels particuliers et de nombreux passages pi\u00e9tonniers le long de l&rsquo;Aure.<\/p><p>\u00a0<\/p><p>Vous plongerez dans le quotidien du XI\u00e8me si\u00e8cle gr\u00e2ce aux maquettes, cartes, photographies et films qui rendent la visite vivante et impressionnante.<\/p><p>Un espace jeune public accueille les enfants et leur fait d\u00e9couvrir le patrimoine historique au travers d\u2019ateliers ludiques.<\/p>\t\t\t\t\t\t\t\t<\/div>\n\t\t\t\t<\/div>\n\t\t\t\t\t<\/div>\n\t\t<\/div>\n\t\t\t\t\t<\/div>\n\t\t<\/section>\n\t\t\t\t\t<\/div>\n\t\t<\/div>\n\t\t\t\t\t<\/div>\n\t\t<\/section>\n\t\t\t\t<section class=\"elementor-section elementor-inner-section elementor-element elementor-element-25572b4 elementor-section-full_width elementor-section-height-default elementor-section-height-default\" data-id=\"25572b4\" data-element_type=\"section\" data-e-type=\"section\">\n\t\t\t\t\t\t<div class=\"elementor-container elementor-column-gap-default\">\n\t\t\t\t\t<div class=\"elementor-column elementor-col-50 elementor-inner-column elementor-element elementor-element-0d40b38\" data-id=\"0d40b38\" data-element_type=\"column\" data-e-type=\"column\">\n\t\t\t<div class=\"elementor-widget-wrap elementor-element-populated\">\n\t\t\t\t\t\t<section class=\"elementor-section elementor-inner-section elementor-element elementor-element-0c20304 elementor-section-full_width elementor-section-height-default elementor-section-height-default\" data-id=\"0c20304\" data-element_type=\"section\" data-e-type=\"section\">\n\t\t\t\t\t\t<div class=\"elementor-container elementor-column-gap-default\">\n\t\t\t\t\t<div class=\"elementor-column elementor-col-100 elementor-inner-column elementor-element elementor-element-2d92e45\" data-id=\"2d92e45\" data-element_type=\"column\" data-e-type=\"column\">\n\t\t\t<div class=\"elementor-widget-wrap elementor-element-populated\">\n\t\t\t\t\t\t<div class=\"elementor-element elementor-element-a764b30 elementor-cta--skin-cover elementor-cta--valign-middle elementor-widget elementor-widget-call-to-action\" data-id=\"a764b30\" data-element_type=\"widget\" data-e-type=\"widget\" data-widget_type=\"call-to-action.default\">\n\t\t\t\t<div class=\"elementor-widget-container\">\n\t\t\t\t\t\t\t<div class=\"elementor-cta\">\n\t\t\t\t\t<div class=\"elementor-cta__bg-wrapper\">\n\t\t\t\t<div class=\"elementor-cta__bg elementor-bg\" style=\"background-image: url(https:\/\/www.grand-hotel-luxembourg.com\/wp-content\/uploads\/2022\/12\/0230b8-3.jpg);\" role=\"img\" aria-label=\"0230b8\"><\/div>\n\t\t\t\t<div class=\"elementor-cta__bg-overlay\"><\/div>\n\t\t\t<\/div>\n\t\t\t\t\t\t\t<div class=\"elementor-cta__content\">\n\t\t\t\t\n\t\t\t\t\n\t\t\t\t\n\t\t\t\t\t\t\t\t\t<div class=\"elementor-cta__button-wrapper elementor-cta__content-item elementor-content-item \">\n\t\t\t\t\t<a class=\"elementor-cta__button elementor-button elementor-size-md\" href=\"https:\/\/fr-academic.com\/dic.nsf\/frwiki\/300428\" target=\"_blank\" rel=\"nofollow noopener\">\n\t\t\t\t\t\tPlus d'infos sur la Cath\u00e9drale de Bayeux\t\t\t\t\t<\/a>\n\t\t\t\t\t<\/div>\n\t\t\t\t\t\t\t<\/div>\n\t\t\t\t\t\t<\/div>\n\t\t\t\t\t\t<\/div>\n\t\t\t\t<\/div>\n\t\t\t\t<div class=\"elementor-element elementor-element-bc29720 elementor-widget__width-initial elementor-widget elementor-widget-text-editor\" data-id=\"bc29720\" data-element_type=\"widget\" data-e-type=\"widget\" data-widget_type=\"text-editor.default\">\n\t\t\t\t<div class=\"elementor-widget-container\">\n\t\t\t\t\t\t\t\t\t<p>A quelques pas de votre h\u00f4tel, au c\u0153ur de la ville m\u00e9di\u00e9vale, vous serez surpris par la cath\u00e9drale Notre dame&#8230;<\/p><p>Dans les styles roman et gothique, ce joyau de l&rsquo;architecture normande abrita pendant pr\u00e8s de huit si\u00e8cles la c\u00e9l\u00e8bre Tapisserie de Bayeux.<\/p><p>\u00a0<\/p><p>Vous d\u00e9couvrirez l\u2019histoire de la cath\u00e9drale, \u00e0 travers un mobilier riche et finement travaill\u00e9 et pourrez acc\u00e9der \u00e0 la salle du tr\u00e9sor et \u00e0 la salle capitulaire.<\/p>\t\t\t\t\t\t\t\t<\/div>\n\t\t\t\t<\/div>\n\t\t\t\t\t<\/div>\n\t\t<\/div>\n\t\t\t\t\t<\/div>\n\t\t<\/section>\n\t\t\t\t\t<\/div>\n\t\t<\/div>\n\t\t\t\t<div class=\"elementor-column elementor-col-50 elementor-inner-column elementor-element elementor-element-1c1ea77\" data-id=\"1c1ea77\" data-element_type=\"column\" data-e-type=\"column\">\n\t\t\t<div class=\"elementor-widget-wrap elementor-element-populated\">\n\t\t\t\t\t\t<section class=\"elementor-section elementor-inner-section elementor-element elementor-element-daae92f elementor-section-full_width elementor-section-height-default elementor-section-height-default\" data-id=\"daae92f\" data-element_type=\"section\" data-e-type=\"section\">\n\t\t\t\t\t\t<div class=\"elementor-container elementor-column-gap-default\">\n\t\t\t\t\t<div class=\"elementor-column elementor-col-100 elementor-inner-column elementor-element elementor-element-1c73fbb\" data-id=\"1c73fbb\" data-element_type=\"column\" data-e-type=\"column\">\n\t\t\t<div class=\"elementor-widget-wrap elementor-element-populated\">\n\t\t\t\t\t\t<div class=\"elementor-element elementor-element-2b9945d elementor-cta--skin-cover elementor-cta--valign-middle elementor-widget elementor-widget-call-to-action\" data-id=\"2b9945d\" data-element_type=\"widget\" data-e-type=\"widget\" data-widget_type=\"call-to-action.default\">\n\t\t\t\t<div class=\"elementor-widget-container\">\n\t\t\t\t\t\t\t<div class=\"elementor-cta\">\n\t\t\t\t\t<div class=\"elementor-cta__bg-wrapper\">\n\t\t\t\t<div class=\"elementor-cta__bg elementor-bg\" style=\"background-image: url(https:\/\/www.grand-hotel-luxembourg.com\/wp-content\/uploads\/2022\/12\/0330b8-3.jpg);\" role=\"img\" aria-label=\"0330b8\"><\/div>\n\t\t\t\t<div class=\"elementor-cta__bg-overlay\"><\/div>\n\t\t\t<\/div>\n\t\t\t\t\t\t\t<div class=\"elementor-cta__content\">\n\t\t\t\t\n\t\t\t\t\n\t\t\t\t\n\t\t\t\t\t\t\t\t\t<div class=\"elementor-cta__button-wrapper elementor-cta__content-item elementor-content-item \">\n\t\t\t\t\t<a class=\"elementor-cta__button elementor-button elementor-size-md\" href=\"https:\/\/musee-arromanches.fr\/\" target=\"_blank\" rel=\"nofollow noopener\">\n\t\t\t\t\t\tConsulter le site du Mus\u00e9e de D\u00e9barquement d'Arromanches\t\t\t\t\t<\/a>\n\t\t\t\t\t<\/div>\n\t\t\t\t\t\t\t<\/div>\n\t\t\t\t\t\t<\/div>\n\t\t\t\t\t\t<\/div>\n\t\t\t\t<\/div>\n\t\t\t\t<div class=\"elementor-element elementor-element-ab0aacc elementor-widget__width-initial elementor-widget elementor-widget-text-editor\" data-id=\"ab0aacc\" data-element_type=\"widget\" data-e-type=\"widget\" data-widget_type=\"text-editor.default\">\n\t\t\t\t<div class=\"elementor-widget-container\">\n\t\t\t\t\t\t\t\t\t<p>Proche de l\u2019h\u00f4tel, Arromanches et le mus\u00e9e du D\u00e9barquement et son cin\u00e9ma \u00e0 360\u00b0, vous immergent au coeur de la seconde guerre mondiale&#8230;<\/p><p>Le Mus\u00e9e du D\u00e9barquement d&rsquo;Arromanches vous fait d\u00e9couvrir l&rsquo;histoire des ports artificiels et revivre les grands moments de la Bataille de Normandie.<\/p><p>\u00a0<\/p><p>Situ\u00e9 devant les vestiges du port artificiel Mulberry B, construit par les am\u00e9ricains, le mus\u00e9e vous pr\u00e9sente cet incroyable exploit technique. Maquettes, sc\u00e9nographie et pr\u00e9sentation des collections viennent appuyer la visite guid\u00e9e.<\/p><p>\u00a0<\/p><p>Le Cin\u00e9ma \u00e0 360\u00b0 projette le film \u201c Le Prix de la Libert\u00e9 \u201d sur 9 \u00e9crans dans une salle circulaire.<\/p><p>Patchwork d&rsquo;images d&rsquo;archives du D\u00e9barquement de 1944 et de la Normandie d\u2019aujourd\u2019hui, la projection \u00e0 360\u00b0 vous fait vivre grandeur nature cette terrible page d&rsquo;histoire.<\/p><p>Un petit train touristique vous conduit du mus\u00e9e du D\u00e9barquement au cin\u00e9ma circulaire.<\/p>\t\t\t\t\t\t\t\t<\/div>\n\t\t\t\t<\/div>\n\t\t\t\t\t<\/div>\n\t\t<\/div>\n\t\t\t\t\t<\/div>\n\t\t<\/section>\n\t\t\t\t\t<\/div>\n\t\t<\/div>\n\t\t\t\t\t<\/div>\n\t\t<\/section>\n\t\t\t\t<section class=\"elementor-section elementor-inner-section elementor-element elementor-element-1e139e0 elementor-section-full_width elementor-section-height-default elementor-section-height-default\" data-id=\"1e139e0\" data-element_type=\"section\" data-e-type=\"section\">\n\t\t\t\t\t\t<div class=\"elementor-container elementor-column-gap-default\">\n\t\t\t\t\t<div class=\"elementor-column elementor-col-50 elementor-inner-column elementor-element elementor-element-ff9158d\" data-id=\"ff9158d\" data-element_type=\"column\" data-e-type=\"column\">\n\t\t\t<div class=\"elementor-widget-wrap elementor-element-populated\">\n\t\t\t\t\t\t<section class=\"elementor-section elementor-inner-section elementor-element elementor-element-b765aca elementor-section-full_width elementor-section-height-default elementor-section-height-default\" data-id=\"b765aca\" data-element_type=\"section\" data-e-type=\"section\">\n\t\t\t\t\t\t<div class=\"elementor-container elementor-column-gap-default\">\n\t\t\t\t\t<div class=\"elementor-column elementor-col-100 elementor-inner-column elementor-element elementor-element-55b2ca3\" data-id=\"55b2ca3\" data-element_type=\"column\" data-e-type=\"column\">\n\t\t\t<div class=\"elementor-widget-wrap elementor-element-populated\">\n\t\t\t\t\t\t<div class=\"elementor-element elementor-element-c9bb745 elementor-cta--skin-cover elementor-cta--valign-middle elementor-widget elementor-widget-call-to-action\" data-id=\"c9bb745\" data-element_type=\"widget\" data-e-type=\"widget\" data-widget_type=\"call-to-action.default\">\n\t\t\t\t<div class=\"elementor-widget-container\">\n\t\t\t\t\t\t\t<div class=\"elementor-cta\">\n\t\t\t\t\t<div class=\"elementor-cta__bg-wrapper\">\n\t\t\t\t<div class=\"elementor-cta__bg elementor-bg\" style=\"background-image: url(https:\/\/www.grand-hotel-luxembourg.com\/wp-content\/uploads\/2022\/12\/0430b8-1.jpg);\" role=\"img\" aria-label=\"0430b8\"><\/div>\n\t\t\t\t<div class=\"elementor-cta__bg-overlay\"><\/div>\n\t\t\t<\/div>\n\t\t\t\t\t\t\t<div class=\"elementor-cta__content\">\n\t\t\t\t\n\t\t\t\t\n\t\t\t\t\n\t\t\t\t\t\t\t\t\t<div class=\"elementor-cta__button-wrapper elementor-cta__content-item elementor-content-item \">\n\t\t\t\t\t<a class=\"elementor-cta__button elementor-button elementor-size-md\" href=\"https:\/\/www.musee-memorial-omaha.com\/partenaire\/le-cimetiere\/\" target=\"_blank\" rel=\"nofollow noopener\">\n\t\t\t\t\t\tPlus d'infos sur le cimeti\u00e8re Am\u00e9ricain d'Omaha Beach\t\t\t\t\t<\/a>\n\t\t\t\t\t<\/div>\n\t\t\t\t\t\t\t<\/div>\n\t\t\t\t\t\t<\/div>\n\t\t\t\t\t\t<\/div>\n\t\t\t\t<\/div>\n\t\t\t\t<div class=\"elementor-element elementor-element-7dd7f1c elementor-widget__width-initial elementor-widget elementor-widget-text-editor\" data-id=\"7dd7f1c\" data-element_type=\"widget\" data-e-type=\"widget\" data-widget_type=\"text-editor.default\">\n\t\t\t\t<div class=\"elementor-widget-container\">\n\t\t\t\t\t\t\t\t\t<p class=\"justified sidepadding\">Ce lieu de m\u00e9moire et de recueillement est situ\u00e9 \u00e0 Colleville-sur-Mer \u00e0 20 km de votre h\u00f4tel de Bayeux&#8230;<\/p><p>Dans un espace de 70 hectares, sur une colline surplombant la plage d\u2019Omaha, d\u00e9couvrez le cimeti\u00e8re am\u00e9ricain d&rsquo;Omaha Beach.<\/p><p>\u00a0<\/p><p>Situ\u00e9e le long d\u2019une des plages du d\u00e9barquement, Omaha Beach est une station baln\u00e9aire emprunte d\u2019un lourd pass\u00e9.<\/p><p>\u00a0<\/p><p>Ce lieu, charg\u00e9 d\u2019\u00e9motion, rassemble les tombes de 9 387 soldats tomb\u00e9s au combat. La chapelle, le M\u00e9morial et le jardin des disparus compl\u00e8tent cet ensemble.<\/p><p>Pour faire revivre le pass\u00e9, le M\u00e9morial d\u2019Omaha Beach organise chaque ann\u00e9e des reconstitutions impressionnantes. Tous les jours, \u00e0 16h30, le visiteur assiste \u00e0 la c\u00e9r\u00e9monie des couleurs, un moment solennel et marquant.<\/p>\t\t\t\t\t\t\t\t<\/div>\n\t\t\t\t<\/div>\n\t\t\t\t\t<\/div>\n\t\t<\/div>\n\t\t\t\t\t<\/div>\n\t\t<\/section>\n\t\t\t\t\t<\/div>\n\t\t<\/div>\n\t\t\t\t<div class=\"elementor-column elementor-col-50 elementor-inner-column elementor-element elementor-element-eab56cb\" data-id=\"eab56cb\" data-element_type=\"column\" data-e-type=\"column\">\n\t\t\t<div class=\"elementor-widget-wrap elementor-element-populated\">\n\t\t\t\t\t\t<section class=\"elementor-section elementor-inner-section elementor-element elementor-element-d32c348 elementor-section-full_width elementor-section-height-default elementor-section-height-default\" data-id=\"d32c348\" data-element_type=\"section\" data-e-type=\"section\">\n\t\t\t\t\t\t<div class=\"elementor-container elementor-column-gap-default\">\n\t\t\t\t\t<div class=\"elementor-column elementor-col-100 elementor-inner-column elementor-element elementor-element-0106e07\" data-id=\"0106e07\" data-element_type=\"column\" data-e-type=\"column\">\n\t\t\t<div class=\"elementor-widget-wrap elementor-element-populated\">\n\t\t\t\t\t\t<div class=\"elementor-element elementor-element-d449dc0 elementor-cta--skin-cover elementor-cta--valign-middle elementor-widget elementor-widget-call-to-action\" data-id=\"d449dc0\" data-element_type=\"widget\" data-e-type=\"widget\" data-widget_type=\"call-to-action.default\">\n\t\t\t\t<div class=\"elementor-widget-container\">\n\t\t\t\t\t\t\t<div class=\"elementor-cta\">\n\t\t\t\t\t<div class=\"elementor-cta__bg-wrapper\">\n\t\t\t\t<div class=\"elementor-cta__bg elementor-bg\" style=\"background-image: url(https:\/\/www.grand-hotel-luxembourg.com\/wp-content\/uploads\/2022\/12\/0530b8.jpg);\" role=\"img\" aria-label=\"0530b8\"><\/div>\n\t\t\t\t<div class=\"elementor-cta__bg-overlay\"><\/div>\n\t\t\t<\/div>\n\t\t\t\t\t\t\t<div class=\"elementor-cta__content\">\n\t\t\t\t\n\t\t\t\t\n\t\t\t\t\n\t\t\t\t\t\t\t\t\t<div class=\"elementor-cta__button-wrapper elementor-cta__content-item elementor-content-item \">\n\t\t\t\t\t<a class=\"elementor-cta__button elementor-button elementor-size-md\" href=\"https:\/\/www.dday-overlord.com\/debarquement-normandie\/plages\/pointe-du-hoc\" target=\"_blank\" rel=\"nofollow noopener\">\n\t\t\t\t\t\tConsulter le site sur la Pointe du Hoc\t\t\t\t\t<\/a>\n\t\t\t\t\t<\/div>\n\t\t\t\t\t\t\t<\/div>\n\t\t\t\t\t\t<\/div>\n\t\t\t\t\t\t<\/div>\n\t\t\t\t<\/div>\n\t\t\t\t<div class=\"elementor-element elementor-element-2433d3e elementor-widget__width-initial elementor-widget elementor-widget-text-editor\" data-id=\"2433d3e\" data-element_type=\"widget\" data-e-type=\"widget\" data-widget_type=\"text-editor.default\">\n\t\t\t\t<div class=\"elementor-widget-container\">\n\t\t\t\t\t\t\t\t\t<p>Situ\u00e9 \u00e0 30 km de votre h\u00f4tel \u00e0 Bayeux, un site \u00e9mouvant et charg\u00e9 d\u2019Histoire&#8230;<br \/><br \/>Durant la seconde guerre mondiale, La Pointe du Hoc repr\u00e9sentait un point strat\u00e9gique des fortifications allemandes sur la c\u00f4te normande. Vous y verrez donc de nombreux et \u00e9normes blockhaus demeur\u00e9s intacts, t\u00e9moins d\u2019une triste et sombre page de l\u2019Histoire.<br \/><br \/>Ce site au paysage lunaire, conserve encore aujourd\u2019hui les vestiges de la batterie d\u2019artillerie allemande ainsi que les traces profondes des combats qui s\u2019y sont d\u00e9roul\u00e9s.<\/p>\t\t\t\t\t\t\t\t<\/div>\n\t\t\t\t<\/div>\n\t\t\t\t\t<\/div>\n\t\t<\/div>\n\t\t\t\t\t<\/div>\n\t\t<\/section>\n\t\t\t\t\t<\/div>\n\t\t<\/div>\n\t\t\t\t\t<\/div>\n\t\t<\/section>\n\t\t\t\t<section class=\"elementor-section elementor-inner-section elementor-element elementor-element-52f456c elementor-section-full_width elementor-section-height-default elementor-section-height-default\" data-id=\"52f456c\" data-element_type=\"section\" data-e-type=\"section\">\n\t\t\t\t\t\t<div class=\"elementor-container elementor-column-gap-default\">\n\t\t\t\t\t<div class=\"elementor-column elementor-col-50 elementor-inner-column elementor-element elementor-element-ebefb7e\" data-id=\"ebefb7e\" data-element_type=\"column\" data-e-type=\"column\">\n\t\t\t<div class=\"elementor-widget-wrap elementor-element-populated\">\n\t\t\t\t\t\t<section class=\"elementor-section elementor-inner-section elementor-element elementor-element-d924d8c elementor-section-full_width elementor-section-height-default elementor-section-height-default\" data-id=\"d924d8c\" data-element_type=\"section\" data-e-type=\"section\">\n\t\t\t\t\t\t<div class=\"elementor-container elementor-column-gap-default\">\n\t\t\t\t\t<div class=\"elementor-column elementor-col-100 elementor-inner-column elementor-element elementor-element-c129e1e\" data-id=\"c129e1e\" data-element_type=\"column\" data-e-type=\"column\">\n\t\t\t<div class=\"elementor-widget-wrap elementor-element-populated\">\n\t\t\t\t\t\t<div class=\"elementor-element elementor-element-c53e3fb elementor-cta--skin-cover elementor-cta--valign-middle elementor-widget elementor-widget-call-to-action\" data-id=\"c53e3fb\" data-element_type=\"widget\" data-e-type=\"widget\" data-widget_type=\"call-to-action.default\">\n\t\t\t\t<div class=\"elementor-widget-container\">\n\t\t\t\t\t\t\t<div class=\"elementor-cta\">\n\t\t\t\t\t<div class=\"elementor-cta__bg-wrapper\">\n\t\t\t\t<div class=\"elementor-cta__bg elementor-bg\" style=\"background-image: url(https:\/\/www.grand-hotel-luxembourg.com\/wp-content\/uploads\/2022\/12\/0630b8.jpg);\" role=\"img\" aria-label=\"0630b8\"><\/div>\n\t\t\t\t<div class=\"elementor-cta__bg-overlay\"><\/div>\n\t\t\t<\/div>\n\t\t\t\t\t\t\t<div class=\"elementor-cta__content\">\n\t\t\t\t\n\t\t\t\t\n\t\t\t\t\n\t\t\t\t\t\t\t\t\t<div class=\"elementor-cta__button-wrapper elementor-cta__content-item elementor-content-item \">\n\t\t\t\t\t<a class=\"elementor-cta__button elementor-button elementor-size-md\" href=\"https:\/\/www.mondaye.com\/\" target=\"_blank\" rel=\"nofollow noopener\">\n\t\t\t\t\t\tConsulter le site de l'Abbaye de Mondaye\t\t\t\t\t<\/a>\n\t\t\t\t\t<\/div>\n\t\t\t\t\t\t\t<\/div>\n\t\t\t\t\t\t<\/div>\n\t\t\t\t\t\t<\/div>\n\t\t\t\t<\/div>\n\t\t\t\t<div class=\"elementor-element elementor-element-b7625f6 elementor-widget__width-initial elementor-widget elementor-widget-text-editor\" data-id=\"b7625f6\" data-element_type=\"widget\" data-e-type=\"widget\" data-widget_type=\"text-editor.default\">\n\t\t\t\t<div class=\"elementor-widget-container\">\n\t\t\t\t\t\t\t\t\t<p class=\"justified sidepadding\">Juaye-Mondaye est situ\u00e9e \u00e0 sept kilom\u00e8tres au sud de Bayeux, tout proche de l&rsquo;h\u00f4tel.<\/p><p>Dans la campagne normande, d\u00e9couvrez l&rsquo;Abbaye de Mondaye, occup\u00e9e par une communaut\u00e9 de Pr\u00e9montr\u00e9s. On peut y visiter l&rsquo;\u00e9glise abbatiale, la sacristie, les principales pi\u00e8ces conventuelles dont la tr\u00e8s volumineuse biblioth\u00e8que de 50 000 volumes.<\/p><p>\u00a0<\/p><p>A Caen, visitez l&rsquo;abbaye aux Hommes, l\u2019une des deux grandes abbayes de la r\u00e9gion, avec l&rsquo;abbaye aux Dames. Les deux \u00e9glises abbatiales renferment les s\u00e9pultures de la reine Mathilde et de Guillaume le Conqu\u00e9rant.<\/p><p>Vous visiterez librement les abbayes, et serez charm\u00e9s par la beaut\u00e9 et l&rsquo;authenticit\u00e9 des lieux.<\/p>\t\t\t\t\t\t\t\t<\/div>\n\t\t\t\t<\/div>\n\t\t\t\t\t<\/div>\n\t\t<\/div>\n\t\t\t\t\t<\/div>\n\t\t<\/section>\n\t\t\t\t\t<\/div>\n\t\t<\/div>\n\t\t\t\t<div class=\"elementor-column elementor-col-50 elementor-inner-column elementor-element elementor-element-51d16c4\" data-id=\"51d16c4\" data-element_type=\"column\" data-e-type=\"column\">\n\t\t\t<div class=\"elementor-widget-wrap elementor-element-populated\">\n\t\t\t\t\t\t<section class=\"elementor-section elementor-inner-section elementor-element elementor-element-dcb5007 elementor-section-full_width elementor-section-height-default elementor-section-height-default\" data-id=\"dcb5007\" data-element_type=\"section\" data-e-type=\"section\">\n\t\t\t\t\t\t<div class=\"elementor-container elementor-column-gap-default\">\n\t\t\t\t\t<div class=\"elementor-column elementor-col-100 elementor-inner-column elementor-element elementor-element-d4c8d2b\" data-id=\"d4c8d2b\" data-element_type=\"column\" data-e-type=\"column\">\n\t\t\t<div class=\"elementor-widget-wrap elementor-element-populated\">\n\t\t\t\t\t\t<div class=\"elementor-element elementor-element-da2547a elementor-cta--skin-cover elementor-cta--valign-middle elementor-widget elementor-widget-call-to-action\" data-id=\"da2547a\" data-element_type=\"widget\" data-e-type=\"widget\" data-widget_type=\"call-to-action.default\">\n\t\t\t\t<div class=\"elementor-widget-container\">\n\t\t\t\t\t\t\t<div class=\"elementor-cta\">\n\t\t\t\t\t<div class=\"elementor-cta__bg-wrapper\">\n\t\t\t\t<div class=\"elementor-cta__bg elementor-bg\" style=\"background-image: url(https:\/\/www.grand-hotel-luxembourg.com\/wp-content\/uploads\/2022\/12\/0730b8.jpg);\" role=\"img\" aria-label=\"0730b8\"><\/div>\n\t\t\t\t<div class=\"elementor-cta__bg-overlay\"><\/div>\n\t\t\t<\/div>\n\t\t\t\t\t\t\t<div class=\"elementor-cta__content\">\n\t\t\t\t\n\t\t\t\t\n\t\t\t\t\n\t\t\t\t\t\t\t\t\t<div class=\"elementor-cta__button-wrapper elementor-cta__content-item elementor-content-item \">\n\t\t\t\t\t<a class=\"elementor-cta__button elementor-button elementor-size-md\" href=\"https:\/\/www.normandie-tourisme.fr\/sites-lieux-de-visites\/musee-des-ballons\/\" target=\"_blank\" rel=\"nofollow noopener\">\n\t\t\t\t\t\tConsulter le site du Ch\u00e2teau des Ballons\t\t\t\t\t<\/a>\n\t\t\t\t\t<\/div>\n\t\t\t\t\t\t\t<\/div>\n\t\t\t\t\t\t<\/div>\n\t\t\t\t\t\t<\/div>\n\t\t\t\t<\/div>\n\t\t\t\t<div class=\"elementor-element elementor-element-5b44a61 elementor-widget__width-initial elementor-widget elementor-widget-text-editor\" data-id=\"5b44a61\" data-element_type=\"widget\" data-e-type=\"widget\" data-widget_type=\"text-editor.default\">\n\t\t\t\t<div class=\"elementor-widget-container\">\n\t\t\t\t\t\t\t\t\t<p>A 20 km de votre h\u00f4tel \u00e0 Bayeux, le mus\u00e9e et le ch\u00e2teau des ballons \u00e0 Balleroy vous m\u00e8neront aux cieux&#8230;<\/p><p>Le ch\u00e2teau, richement meubl\u00e9, pr\u00e9sente une importante collection d\u2019\u0153uvres de grands peintres et une biblioth\u00e8que de style anglais qui m\u00e9rite que l\u2019on s\u2019y attarde.<\/p><p>Install\u00e9 dans les anciennes \u00e9curies du ch\u00e2teau, le mus\u00e9e relate l&rsquo;histoire insolite des montgolfi\u00e8res et des ballons \u00e0 gaz.<\/p><p>\u00a0<\/p><p>Les jardins \u00e0 la fran\u00e7aise et le parc \u00e0 l&rsquo;anglaise agr\u00e9mentent la visite du site.<\/p>\t\t\t\t\t\t\t\t<\/div>\n\t\t\t\t<\/div>\n\t\t\t\t\t<\/div>\n\t\t<\/div>\n\t\t\t\t\t<\/div>\n\t\t<\/section>\n\t\t\t\t\t<\/div>\n\t\t<\/div>\n\t\t\t\t\t<\/div>\n\t\t<\/section>\n\t\t\t\t<section class=\"elementor-section elementor-inner-section elementor-element elementor-element-5021ee5 elementor-section-full_width elementor-section-height-default elementor-section-height-default\" data-id=\"5021ee5\" data-element_type=\"section\" data-e-type=\"section\">\n\t\t\t\t\t\t<div class=\"elementor-container elementor-column-gap-default\">\n\t\t\t\t\t<div class=\"elementor-column elementor-col-50 elementor-inner-column elementor-element elementor-element-6d1eb99\" data-id=\"6d1eb99\" data-element_type=\"column\" data-e-type=\"column\">\n\t\t\t<div class=\"elementor-widget-wrap elementor-element-populated\">\n\t\t\t\t\t\t<section class=\"elementor-section elementor-inner-section elementor-element elementor-element-2734e43 elementor-section-full_width elementor-section-height-default elementor-section-height-default\" data-id=\"2734e43\" data-element_type=\"section\" data-e-type=\"section\">\n\t\t\t\t\t\t<div class=\"elementor-container elementor-column-gap-default\">\n\t\t\t\t\t<div class=\"elementor-column elementor-col-100 elementor-inner-column elementor-element elementor-element-51ccd63\" data-id=\"51ccd63\" data-element_type=\"column\" data-e-type=\"column\">\n\t\t\t<div class=\"elementor-widget-wrap elementor-element-populated\">\n\t\t\t\t\t\t<div class=\"elementor-element elementor-element-2b320ab elementor-cta--skin-cover elementor-cta--valign-middle elementor-widget elementor-widget-call-to-action\" data-id=\"2b320ab\" data-element_type=\"widget\" data-e-type=\"widget\" data-widget_type=\"call-to-action.default\">\n\t\t\t\t<div class=\"elementor-widget-container\">\n\t\t\t\t\t\t\t<div class=\"elementor-cta\">\n\t\t\t\t\t<div class=\"elementor-cta__bg-wrapper\">\n\t\t\t\t<div class=\"elementor-cta__bg elementor-bg\" style=\"background-image: url(https:\/\/www.grand-hotel-luxembourg.com\/wp-content\/uploads\/2022\/12\/0830b8.jpg);\" role=\"img\" aria-label=\"0830b8\"><\/div>\n\t\t\t\t<div class=\"elementor-cta__bg-overlay\"><\/div>\n\t\t\t<\/div>\n\t\t\t\t\t\t\t<div class=\"elementor-cta__content\">\n\t\t\t\t\n\t\t\t\t\n\t\t\t\t\n\t\t\t\t\t\t\t\t\t<div class=\"elementor-cta__button-wrapper elementor-cta__content-item elementor-content-item \">\n\t\t\t\t\t<a class=\"elementor-cta__button elementor-button elementor-size-md\" href=\"https:\/\/www.ot-montsaintmichel.com\/\" target=\"_blank\" rel=\"nofollow noopener\">\n\t\t\t\t\t\tConsulter le site du Mont St Michel\t\t\t\t\t<\/a>\n\t\t\t\t\t<\/div>\n\t\t\t\t\t\t\t<\/div>\n\t\t\t\t\t\t<\/div>\n\t\t\t\t\t\t<\/div>\n\t\t\t\t<\/div>\n\t\t\t\t<div class=\"elementor-element elementor-element-be07f38 elementor-widget__width-initial elementor-widget elementor-widget-text-editor\" data-id=\"be07f38\" data-element_type=\"widget\" data-e-type=\"widget\" data-widget_type=\"text-editor.default\">\n\t\t\t\t<div class=\"elementor-widget-container\">\n\t\t\t\t\t\t\t\t\t<p class=\"justified sidepadding\">130 km de l&rsquo;h\u00f4tel, visitez le Mont Saint Michel, une \u00e9tape incontournable de votre s\u00e9jour en Normandie&#8230;<\/p><p>\u00a0<\/p><p>En approchant du Mont St Michel, vous serez saisi par l\u2019imposante abbaye, surplombant le village du Mont.<\/p><p>\u00a0<\/p><p>En gravitant le Mont St Michel, on succombe au charme de ses ruelles moyen\u00e2geuses, qui cachent \u00e0 dans chaque recoin des tr\u00e9sors class\u00e9s aux Monuments Historiques. Chaque maison est un v\u00e9ritable bijou d\u2019architecture.<\/p><p>Pas \u00e9tonnant donc, que plus de 3 000 000 visiteurs se pressent chaque ann\u00e9e au pied du site.<\/p>\t\t\t\t\t\t\t\t<\/div>\n\t\t\t\t<\/div>\n\t\t\t\t\t<\/div>\n\t\t<\/div>\n\t\t\t\t\t<\/div>\n\t\t<\/section>\n\t\t\t\t\t<\/div>\n\t\t<\/div>\n\t\t\t\t<div class=\"elementor-column elementor-col-50 elementor-inner-column elementor-element elementor-element-59e17d9\" data-id=\"59e17d9\" data-element_type=\"column\" data-e-type=\"column\">\n\t\t\t<div class=\"elementor-widget-wrap elementor-element-populated\">\n\t\t\t\t\t\t<section class=\"elementor-section elementor-inner-section elementor-element elementor-element-5831337 elementor-section-full_width elementor-section-height-default elementor-section-height-default\" data-id=\"5831337\" data-element_type=\"section\" data-e-type=\"section\">\n\t\t\t\t\t\t<div class=\"elementor-container elementor-column-gap-default\">\n\t\t\t\t\t<div class=\"elementor-column elementor-col-100 elementor-inner-column elementor-element elementor-element-75a6aee\" data-id=\"75a6aee\" data-element_type=\"column\" data-e-type=\"column\">\n\t\t\t<div class=\"elementor-widget-wrap elementor-element-populated\">\n\t\t\t\t\t\t<div class=\"elementor-element elementor-element-633da09 elementor-cta--skin-cover elementor-cta--valign-middle elementor-widget elementor-widget-call-to-action\" data-id=\"633da09\" data-element_type=\"widget\" data-e-type=\"widget\" data-widget_type=\"call-to-action.default\">\n\t\t\t\t<div class=\"elementor-widget-container\">\n\t\t\t\t\t\t\t<div class=\"elementor-cta\">\n\t\t\t\t\t<div class=\"elementor-cta__bg-wrapper\">\n\t\t\t\t<div class=\"elementor-cta__bg elementor-bg\" style=\"background-image: url(https:\/\/www.grand-hotel-luxembourg.com\/wp-content\/uploads\/2022\/12\/0930b8.jpg);\" role=\"img\" aria-label=\"0930b8\"><\/div>\n\t\t\t\t<div class=\"elementor-cta__bg-overlay\"><\/div>\n\t\t\t<\/div>\n\t\t\t\t\t\t\t<div class=\"elementor-cta__content\">\n\t\t\t\t\n\t\t\t\t\n\t\t\t\t\n\t\t\t\t\t\t\t\t\t<div class=\"elementor-cta__button-wrapper elementor-cta__content-item elementor-content-item \">\n\t\t\t\t\t<a class=\"elementor-cta__button elementor-button elementor-size-md\" href=\"https:\/\/www.cabourg.fr\/\" target=\"_blank\" rel=\"nofollow noopener\">\n\t\t\t\t\t\tConsulter le site de la Ville de Cabourg\t\t\t\t\t<\/a>\n\t\t\t\t\t<\/div>\n\t\t\t\t\t\t\t<\/div>\n\t\t\t\t\t\t<\/div>\n\t\t\t\t\t\t<\/div>\n\t\t\t\t<\/div>\n\t\t\t\t<div class=\"elementor-element elementor-element-0784f22 elementor-widget__width-initial elementor-widget elementor-widget-text-editor\" data-id=\"0784f22\" data-element_type=\"widget\" data-e-type=\"widget\" data-widget_type=\"text-editor.default\">\n\t\t\t\t<div class=\"elementor-widget-container\">\n\t\t\t\t\t\t\t\t\t<p>Cabourg est une station familiale \u00e0 60 km de l\u2019h\u00f4tel. Prenez une bouff\u00e9e d&rsquo;air frais, le temps d&rsquo;une escapade en bord de mer.<\/p><p>Vous serez charm\u00e9 par le d\u00e9cor \u00ab\u00a0Belle \u00c9poque\u00a0\u00bb de la station Normande. Profitez d&rsquo;une journ\u00e9e en famille ou en amoureux \u00e0 Cabourg pour fl\u00e2nez le long de la digue.<\/p><p>\u00a0<\/p><p>Son bord de mer et sa plage, entre d\u00e9tente, baignade et bronzage, vous offrent un large choix d&rsquo;activit\u00e9s nautiques.<\/p><p>Cabourg est source d\u2019inspiration et de cr\u00e9ativit\u00e9 pour les artistes, et vous pourrez donc d\u00e9couvrir de nombreuses galeries d&rsquo;art. Ne manquez pas les visites guid\u00e9es qui vous raconteront l&rsquo;histoire de cette station familiale.<\/p><p>\u00a0<\/p><p>Les environs de Cabourg ne manquent pas d&rsquo;int\u00e9r\u00eat, et l&rsquo;arri\u00e8re pays regorge de villages typiques. Vous irez de d\u00e9couverte en d\u00e9couverte, \u00e0 la rencontre des artisans d&rsquo;art, go\u00fbterez \u00e0 la gastronomie du terroir normand et \u00e0 l&rsquo;hospitalit\u00e9 de ces habitants.<\/p>\t\t\t\t\t\t\t\t<\/div>\n\t\t\t\t<\/div>\n\t\t\t\t\t<\/div>\n\t\t<\/div>\n\t\t\t\t\t<\/div>\n\t\t<\/section>\n\t\t\t\t\t<\/div>\n\t\t<\/div>\n\t\t\t\t\t<\/div>\n\t\t<\/section>\n\t\t\t\t<section class=\"elementor-section elementor-inner-section elementor-element elementor-element-e436db1 elementor-section-full_width elementor-section-height-default elementor-section-height-default\" data-id=\"e436db1\" data-element_type=\"section\" data-e-type=\"section\">\n\t\t\t\t\t\t<div class=\"elementor-container elementor-column-gap-default\">\n\t\t\t\t\t<div class=\"elementor-column elementor-col-50 elementor-inner-column elementor-element elementor-element-10d1e9d\" data-id=\"10d1e9d\" data-element_type=\"column\" data-e-type=\"column\">\n\t\t\t<div class=\"elementor-widget-wrap elementor-element-populated\">\n\t\t\t\t\t\t<section class=\"elementor-section elementor-inner-section elementor-element elementor-element-664e192 elementor-section-full_width elementor-section-height-default elementor-section-height-default\" data-id=\"664e192\" data-element_type=\"section\" data-e-type=\"section\">\n\t\t\t\t\t\t<div class=\"elementor-container elementor-column-gap-default\">\n\t\t\t\t\t<div class=\"elementor-column elementor-col-100 elementor-inner-column elementor-element elementor-element-a71083a\" data-id=\"a71083a\" data-element_type=\"column\" data-e-type=\"column\">\n\t\t\t<div class=\"elementor-widget-wrap elementor-element-populated\">\n\t\t\t\t\t\t<div class=\"elementor-element elementor-element-285033d elementor-cta--skin-cover elementor-cta--valign-middle elementor-widget elementor-widget-call-to-action\" data-id=\"285033d\" data-element_type=\"widget\" data-e-type=\"widget\" data-widget_type=\"call-to-action.default\">\n\t\t\t\t<div class=\"elementor-widget-container\">\n\t\t\t\t\t\t\t<div class=\"elementor-cta\">\n\t\t\t\t\t<div class=\"elementor-cta__bg-wrapper\">\n\t\t\t\t<div class=\"elementor-cta__bg elementor-bg\" style=\"background-image: url(https:\/\/www.grand-hotel-luxembourg.com\/wp-content\/uploads\/2022\/12\/1030b8.jpg);\" role=\"img\" aria-label=\"1030b8\"><\/div>\n\t\t\t\t<div class=\"elementor-cta__bg-overlay\"><\/div>\n\t\t\t<\/div>\n\t\t\t\t\t\t\t<div class=\"elementor-cta__content\">\n\t\t\t\t\n\t\t\t\t\n\t\t\t\t\n\t\t\t\t\t\t\t\t\t<div class=\"elementor-cta__button-wrapper elementor-cta__content-item elementor-content-item \">\n\t\t\t\t\t<a class=\"elementor-cta__button elementor-button elementor-size-md\" href=\"https:\/\/www.ot-honfleur.fr\/\" target=\"_blank\" rel=\"nofollow noopener\">\n\t\t\t\t\t\tConsulter le site de Honfleur\t\t\t\t\t<\/a>\n\t\t\t\t\t<\/div>\n\t\t\t\t\t\t\t<\/div>\n\t\t\t\t\t\t<\/div>\n\t\t\t\t\t\t<\/div>\n\t\t\t\t<\/div>\n\t\t\t\t<div class=\"elementor-element elementor-element-db25c6a elementor-widget__width-initial elementor-widget elementor-widget-text-editor\" data-id=\"db25c6a\" data-element_type=\"widget\" data-e-type=\"widget\" data-widget_type=\"text-editor.default\">\n\t\t\t\t<div class=\"elementor-widget-container\">\n\t\t\t\t\t\t\t\t\t<p class=\"justified sidepadding\">A 90 km de l\u2019h\u00f4tel, Honfleur vous ouvre les portes du Pays d\u2019Auge et de la C\u00f4te Fleurie&#8230;<\/p><p>Honfleur vous propose une animation intense, qui fait de la station baln\u00e9aire normande, un lieu privil\u00e9gi\u00e9 du divertissement.<\/p><p>\u00a0<\/p><p>D\u00e9couvrez Honfleur et ses ruelles pittoresques : le vieux bassin, l\u2019\u00e9glise Sainte Catherine, ses vieilles maisons, le port de plaisance&#8230;<\/p><p>Accordez vous une pause nature au Naturospace et admirez les collections de papillons exotiques et tropicaux. Un floril\u00e8ge de couleurs qui vous transporte vers l\u2019Equateur.<\/p><p>\u00a0<\/p><p>Partez \u00e0 l\u2019ascension des hauteurs de Honfleur sur la C\u00f4te de Gr\u00e2ce, pour contempler un magnifique panorama de l\u2019estuaire.<br \/>La plage de Honfleur, plage du Butin, battant pavillon bleu, s\u00e9duira les amoureux du littoral et des petites plages.<\/p><p>Pour se rendre de l\u2019h\u00f4tel de Bayeux \u00e0 Honfleur : Prendre la direction de Caen, Mondeville, puis autoroute de Normandie vers Honfleur<\/p>\t\t\t\t\t\t\t\t<\/div>\n\t\t\t\t<\/div>\n\t\t\t\t\t<\/div>\n\t\t<\/div>\n\t\t\t\t\t<\/div>\n\t\t<\/section>\n\t\t\t\t\t<\/div>\n\t\t<\/div>\n\t\t\t\t<div class=\"elementor-column elementor-col-50 elementor-inner-column elementor-element elementor-element-692d313\" data-id=\"692d313\" data-element_type=\"column\" data-e-type=\"column\">\n\t\t\t<div class=\"elementor-widget-wrap elementor-element-populated\">\n\t\t\t\t\t\t<section class=\"elementor-section elementor-inner-section elementor-element elementor-element-f475248 elementor-section-full_width elementor-section-height-default elementor-section-height-default\" data-id=\"f475248\" data-element_type=\"section\" data-e-type=\"section\">\n\t\t\t\t\t\t<div class=\"elementor-container elementor-column-gap-default\">\n\t\t\t\t\t<div class=\"elementor-column elementor-col-100 elementor-inner-column elementor-element elementor-element-8806022\" data-id=\"8806022\" data-element_type=\"column\" data-e-type=\"column\">\n\t\t\t<div class=\"elementor-widget-wrap elementor-element-populated\">\n\t\t\t\t\t\t<div class=\"elementor-element elementor-element-3fdfe48 elementor-cta--skin-cover elementor-cta--valign-middle elementor-widget elementor-widget-call-to-action\" data-id=\"3fdfe48\" data-element_type=\"widget\" data-e-type=\"widget\" data-widget_type=\"call-to-action.default\">\n\t\t\t\t<div class=\"elementor-widget-container\">\n\t\t\t\t\t\t\t<div class=\"elementor-cta\">\n\t\t\t\t\t<div class=\"elementor-cta__bg-wrapper\">\n\t\t\t\t<div class=\"elementor-cta__bg elementor-bg\" style=\"background-image: url(https:\/\/www.grand-hotel-luxembourg.com\/wp-content\/uploads\/2022\/12\/1130b8.jpg);\" role=\"img\" aria-label=\"1130b8\"><\/div>\n\t\t\t\t<div class=\"elementor-cta__bg-overlay\"><\/div>\n\t\t\t<\/div>\n\t\t\t\t\t\t\t<div class=\"elementor-cta__content\">\n\t\t\t\t\n\t\t\t\t\n\t\t\t\t\n\t\t\t\t\t\t\t\t\t<div class=\"elementor-cta__button-wrapper elementor-cta__content-item elementor-content-item \">\n\t\t\t\t\t<a class=\"elementor-cta__button elementor-button elementor-size-md\" href=\"https:\/\/www.ville-lisieux.fr\/fr\/\" target=\"_blank\" rel=\"nofollow noopener\">\n\t\t\t\t\t\tConsulter le site de la ville de Lisieux\t\t\t\t\t<\/a>\n\t\t\t\t\t<\/div>\n\t\t\t\t\t\t\t<\/div>\n\t\t\t\t\t\t<\/div>\n\t\t\t\t\t\t<\/div>\n\t\t\t\t<\/div>\n\t\t\t\t<div class=\"elementor-element elementor-element-1de2775 elementor-widget__width-initial elementor-widget elementor-widget-text-editor\" data-id=\"1de2775\" data-element_type=\"widget\" data-e-type=\"widget\" data-widget_type=\"text-editor.default\">\n\t\t\t\t<div class=\"elementor-widget-container\">\n\t\t\t\t\t\t\t\t\t<p>D\u00e9couvrez la ville de Lisieux situ\u00e9e \u00e0 1 heure de route de votre h\u00f4tel \u00e0 Bayeux.<\/p><p>\u00a0<\/p><p>Lisieux est situ\u00e9 au milieu des vall\u00e9es et des bocages du Calvados. C\u00e9l\u00e8bre notamment pour sa tr\u00e8s belle Basilique Sainte-Th\u00e9r\u00e9se de Lisieux, d\u00e9couvrez ce haut lieu de p\u00e8lerinage.<\/p><p>\u00a0<\/p><p>Pour d\u00e9couvrir au mieux la ville, profitez des visites th\u00e9\u00e2tralis\u00e9es, les \u201c Nuits Secr\u00e8tes \u201d, qui vous feront d\u00e9couvrir les personnages qui ont contribu\u00e9 \u00e0 fa\u00e7onner l&rsquo;histoire de la ville.<\/p><p>\u00a0<\/p><p>\u00c0 faire : au c\u0153ur des terres normandes, vous go\u00fbterez les sp\u00e9cialit\u00e9s de la r\u00e9gion et visiterez des distilleries et cidreries.<\/p>\t\t\t\t\t\t\t\t<\/div>\n\t\t\t\t<\/div>\n\t\t\t\t\t<\/div>\n\t\t<\/div>\n\t\t\t\t\t<\/div>\n\t\t<\/section>\n\t\t\t\t\t<\/div>\n\t\t<\/div>\n\t\t\t\t\t<\/div>\n\t\t<\/section>\n\t\t\t\t\t<\/div>\n\t\t<\/div>\n\t\t\t\t\t<\/div>\n\t\t<\/section>\n\t\t\t\t<\/div>\n\t\t","protected":false},"excerpt":{"rendered":"<p>Autour de l&rsquo;h\u00f4tel Le Grand H\u00f4tel du Luxembourg \u00e0 Bayeux vous invite \u00e0 d\u00e9couvir la Normandie, la c\u00f4te du Bessin et ses alentours. Visite des plages du D\u00e9barquement, la tapisserie de Bayeux, mus\u00e9es, sorties, activit\u00e9s de loisirs et randonn\u00e9es pour un agr\u00e9able s\u00e9jour dans le Calvados. Bayeux r\u00e9c\u00e8le de nombreux tr\u00e9sors architecturaux. C&rsquo;est en fl\u00e2nant [&hellip;]<\/p>\n","protected":false},"author":11,"featured_media":0,"parent":0,"menu_order":0,"comment_status":"closed","ping_status":"closed","template":"","meta":{"inline_featured_image":false,"footnotes":""},"class_list":["post-203","page","type-page","status-publish","hentry"],"_links":{"self":[{"href":"https:\/\/www.grand-hotel-luxembourg.com\/en\/wp-json\/wp\/v2\/pages\/203","targetHints":{"allow":["GET"]}}],"collection":[{"href":"https:\/\/www.grand-hotel-luxembourg.com\/en\/wp-json\/wp\/v2\/pages"}],"about":[{"href":"https:\/\/www.grand-hotel-luxembourg.com\/en\/wp-json\/wp\/v2\/types\/page"}],"author":[{"embeddable":true,"href":"https:\/\/www.grand-hotel-luxembourg.com\/en\/wp-json\/wp\/v2\/users\/11"}],"replies":[{"embeddable":true,"href":"https:\/\/www.grand-hotel-luxembourg.com\/en\/wp-json\/wp\/v2\/comments?post=203"}],"version-history":[{"count":206,"href":"https:\/\/www.grand-hotel-luxembourg.com\/en\/wp-json\/wp\/v2\/pages\/203\/revisions"}],"predecessor-version":[{"id":3673,"href":"https:\/\/www.grand-hotel-luxembourg.com\/en\/wp-json\/wp\/v2\/pages\/203\/revisions\/3673"}],"wp:attachment":[{"href":"https:\/\/www.grand-hotel-luxembourg.com\/en\/wp-json\/wp\/v2\/media?parent=203"}],"curies":[{"name":"wp","href":"https:\/\/api.w.org\/{rel}","templated":true}]}}